{"id":10218,"date":"2014-08-12T08:50:56","date_gmt":"2014-08-12T07:50:56","guid":{"rendered":"http:\/\/asepta.com\/les-ingredients\/"},"modified":"2019-07-17T08:10:09","modified_gmt":"2019-07-17T07:10:09","slug":"los-activos","status":"publish","type":"page","link":"https:\/\/www.asepta.com\/es\/el-laboratorio\/los-activos\/","title":{"rendered":"LOS ACTIVOS"},"content":{"rendered":"<p style=\"text-align: justify;\">En una mejora constante de la calidad, los Laboratorios ASEPTA desarrollan desde hace m\u00e1s de 15 a\u00f1os su propia gama de activos cosm\u00e9ticos aportando as\u00ed un conocimiento especializado y una respuesta adaptada a algunos problemas cut\u00e1neos.<br \/>\nEstas innovaciones, creaciones \u00fanicas \u00abmade in Monaco\u00bb se conciben y desarrollan en el Principado en el marco de programas de investigaci\u00f3n apoyados por la Agencia Nacional de Valorizaci\u00f3n de la Investigaci\u00f3n (Os\u00e9o-Anvar). As\u00ed, los nuevos activos son sistem\u00e1ticamente valorizados por los registros de las patentes internacionales que permiten a los Laboratorios ASEPTA reivindicar y conservar una exclusividad para las diferentes gamas de tratamientos.<\/p>\n\n<table id=\"tablepress-15\" class=\"tablepress tablepress-id-15\">\n<thead>\n<tr class=\"row-1\">\n\t<td class=\"column-1\"><\/td><th class=\"column-2\">Los Activos<\/th><td class=\"column-3\"><\/td>\n<\/tr>\n<\/thead>\n<tbody class=\"row-striping row-hover\">\n<tr class=\"row-2\">\n\t<td class=\"column-1\"><strong><span style=\"color: #008080\">Alanto\u00edna<\/span><\/strong><\/td><td class=\"column-2\"><\/td><td class=\"column-3\"><p style=\"text-align: justify\">La Alanto\u00edna permite la regeneraci\u00f3n celular de la piel. Favorece la hidrataci\u00f3n de la epidermis. Se utiliza en las pieles sensibles e irritadas por sus propiedades relajantes y suavizantes.<\/p><\/td>\n<\/tr>\n<tr class=\"row-3\">\n\t<td class=\"column-1\"><strong><span style=\"color: #008080\">Aloe Vera<\/span><\/strong> <em>o Aloe barbadensis<br \/>\nFamilia: Lili\u00e1ceas<em \/><\/td><td class=\"column-2\"><a href=\"http:\/\/asepta.com\/wp-content\/uploads\/2015\/08\/ALOE-VERA.jpg\"><img loading=\"lazy\" decoding=\"async\" src=\"http:\/\/asepta.com\/wp-content\/uploads\/2015\/08\/ALOE-VERA.jpg\" alt=\"ALOE-VERA\" width=\"150\" height=\"142\" class=\"alignnone size-full wp-image-1666\" \/><\/a><\/td><td class=\"column-3\"><p style=\"text-align: justify\">El Aloe Vera conocido en la Antigua Grecia de donde se import\u00f3, la Isla de Socotra, es originaria de \u00c1frica. Se introdujo a partir del siglo XVII en las Antillas y ahora se cultiva en Estados Unidos. Esta planta con m\u00faltiples virtudes terap\u00e9uticas, ha demostrado y probado su eficacia en la piel a lo largo de los siglos. El Aloe tiene propiedades hidratantes, antiinflamatorias, regenerativas y cicatrizantes. El jugo de aloe gotea de las suculentas hojas de la planta mientras que el gel de Aloe Vera se extrae de la parte central de la hoja. El Aloe contiene m\u00e1s de 250 componentes que incluyen vitaminas, minerales, amino\u00e1cidos, enzimas, polisac\u00e1ridos. Juega un papel muy importante de cicatrizaci\u00f3n en la industria cosm\u00e9tica: Ivan Danhof, profesor de fisiolog\u00eda en la Universidad de Texas, demostr\u00f3 que la aplicaci\u00f3n del gel en la piel aceleraba entre 6 y 8 veces m\u00e1s r\u00e1pido la producci\u00f3n de fibroblastos en relaci\u00f3n al ritmo normal de reproducci\u00f3n. <\/p><\/td>\n<\/tr>\n<tr class=\"row-4\">\n\t<td class=\"column-1\"><strong><span style=\"color: #008080\">ANP\u00ae 2+<\/span><\/strong><\/td><td class=\"column-2\"><\/td><td class=\"column-3\"><p style=\"text-align: justify\">El ANP\u00ae 2+ es un complejo l\u00edpido registrado que favorece el crecimiento y la renovaci\u00f3n de las faneras. Gracias a la asociaci\u00f3n de aceites vegetales seleccionados por su eficacia, el ANP\u00ae 2+ se caracteriza por una composici\u00f3n particular de \u00e1cidos grasos esenciales, en tocoferoles, en tocotrienoles y en fisoesteroles que permiten favorecer la regeneraci\u00f3n celular, la microcirculaci\u00f3n y regular los mecanismos de defensa y de inflamaci\u00f3n. La adici\u00f3n de THIO-LIPESTERS\u00ae en el complejo l\u00edpido induce una fuerte potencializaci\u00f3n del crecimiento de faneras.<\/p><\/td>\n<\/tr>\n<tr class=\"row-5\">\n\t<td class=\"column-1\"><strong><span style=\"color: #008080\">Arnica Montana<\/span><\/strong><br \/>\n<em>Familia: Aster\u00e1ceas<em \/><\/td><td class=\"column-2\"><a href=\"http:\/\/asepta.com\/wp-content\/uploads\/2015\/08\/ARNICA.jpg\"><img loading=\"lazy\" decoding=\"async\" src=\"http:\/\/asepta.com\/wp-content\/uploads\/2015\/08\/ARNICA.jpg\" alt=\"ARNICA\" width=\"150\" height=\"100\" class=\"alignnone size-full wp-image-1667\" srcset=\"https:\/\/www.asepta.com\/wp-content\/uploads\/2015\/08\/ARNICA.jpg 150w, https:\/\/www.asepta.com\/wp-content\/uploads\/2015\/08\/ARNICA-120x80.jpg 120w\" sizes=\"auto, (max-width: 150px) 100vw, 150px\" \/><\/a><\/td><td class=\"column-3\"><p style=\"text-align: justify\">La Arnica Montana conocida com\u00fanmente como \u00abhierba de las ca\u00eddas\u00bb, crece en las monta\u00f1as europeas y norteamericanas. Forma parte de las praderas altas de los Vosges, los Alpes, los Pirineos y el Macizo Central (terreno sil\u00edceo).<br \/>\nEl extracto de las flores de ARNICA MONTANA compuesto de lactonas, helenalina y flavonoides est\u00e1 reconocido por sus propiedades antiedematosas, antinflamatorias y calmantes. En fitoterapia, se utiliza localmente para tratar los moratones, edemas y dolores articulares.<br \/>\n<\/p><\/td>\n<\/tr>\n<tr class=\"row-6\">\n\t<td class=\"column-1\"><strong><span style=\"color: #008080\">Manteca de Karit\u00e9<\/span><\/strong><br \/>\n<em>Butyrospermum Parkii<br \/>\nFamilia: Sapot\u00e1ceae<em \/><\/td><td class=\"column-2\"><a href=\"http:\/\/asepta.com\/wp-content\/uploads\/2015\/09\/Karit\u00e9-2.jpg\"><img loading=\"lazy\" decoding=\"async\" src=\"http:\/\/asepta.com\/wp-content\/uploads\/2015\/09\/Karit\u00e9-2.jpg\" alt=\"Karit\u00e9-2\" width=\"115\" height=\"150\" class=\"alignnone size-full wp-image-1724\" \/><\/a><\/td><td class=\"column-3\"><p style=\"text-align: justify\">La manteca de karit\u00e9 procede de los frutos del karit\u00e9. Est\u00e1 constituida por 16 \u00e1cidos de grasas saturadas y no saturadas en proporciones variables dependiendo del pa\u00eds de origen. Esta alta proporci\u00f3n en \u00e1cidos grasos insaponificables le confiere excelentes propiedades hidratantes y permite mantener la elasticidad de la piel.<\/p><\/td>\n<\/tr>\n<tr class=\"row-7\">\n\t<td class=\"column-1\"><strong><span style=\"color: #008080\">Centella Asi\u00e1tica<\/span><\/strong><br \/>\n<em>Familia: Api\u00e1ceas<em \/><\/td><td class=\"column-2\"><a href=\"http:\/\/asepta.com\/wp-content\/uploads\/2015\/08\/centella-asiatica.jpg\"><img loading=\"lazy\" decoding=\"async\" src=\"http:\/\/asepta.com\/wp-content\/uploads\/2015\/08\/centella-asiatica.jpg\" alt=\"centella-asiatica\" width=\"150\" height=\"111\" class=\"alignnone size-full wp-image-1669\" \/><\/a><\/td><td class=\"column-3\"><p style=\"text-align: justify\">La Centella Asi\u00e1tica fue descrita en el tratado m\u00e9dico conocido como Charaka Sambita, alrededor del 700 a.C. En la medicina aiurveda se conoce como \u00abla hierba del tigre\u00bb ya que el animal se rebozada en las hierbas para curar sus heridas. Esta planta originaria del sureste de Asia tiene propiedades venot\u00f3nicas y antiedematosas. El extracto de Centella contiene asiatic\u00f3sido, \u00e1cido asi\u00e1tico y madec\u00e1sico y se utiliza tambi\u00e9n en los tratamientos de dermatosis para acelerar al fen\u00f3meno de cicatrizaci\u00f3n en las heridas superficiales. Estimula la producci\u00f3n de col\u00e1geno y de fibroblastos que favorecen el fen\u00f3meno de cicatrizaci\u00f3n.<\/p><\/td>\n<\/tr>\n<tr class=\"row-8\">\n\t<td class=\"column-1\"><strong><span style=\"color: #008080\">D- Panthenol<\/span><\/strong><\/td><td class=\"column-2\"><\/td><td class=\"column-3\"><p style=\"text-align: justify\">El D Pantenol, derivado del alcohol, contribuye a reparar la barrera cut\u00e1nea y mejorar la hidrataci\u00f3n. Induce la s\u00edntesis de un precursor de \u00e1cidos grasos y de esfingol\u00edpidos esenciales en la constituci\u00f3n lip\u00eddica de la piel. El D pantenol tiene propiedades cicatrizantes y estimula el crecimiento celular reduciendo al mismo tiempo la cicatrizaci\u00f3n de las heridas.<\/p><\/td>\n<\/tr>\n<tr class=\"row-9\">\n\t<td class=\"column-1\"><strong><span style=\"color: #008080\">Ginkgo-Biloba<\/span><\/strong><br \/>\n<em>Familia: Ginkgo\u00e1ceas<em \/><\/td><td class=\"column-2\"><a href=\"http:\/\/asepta.com\/wp-content\/uploads\/2015\/08\/Ginkgo-Biloba.jpg\"><img loading=\"lazy\" decoding=\"async\" src=\"http:\/\/asepta.com\/wp-content\/uploads\/2015\/08\/Ginkgo-Biloba.jpg\" alt=\"Ginkgo-Biloba\" width=\"150\" height=\"150\" class=\"alignnone size-full wp-image-1671\" srcset=\"https:\/\/www.asepta.com\/wp-content\/uploads\/2015\/08\/Ginkgo-Biloba.jpg 150w, https:\/\/www.asepta.com\/wp-content\/uploads\/2015\/08\/Ginkgo-Biloba-100x100.jpg 100w\" sizes=\"auto, (max-width: 150px) 100vw, 150px\" \/><\/a><\/td><td class=\"column-3\"><p style=\"text-align: justify\">El \u00e1rbol Ginkgo-Biloba de los cuarenta escudos es conocido por su notable longevidad: hasta 4000 a\u00f1os. Es el \u00fanico \u00e1rbol que sobrevive en Hiroshima desde 1945. Las hojas contienen gingk\u00f3lidos y flavonoides que se utilizan en cosm\u00e9tica por sus propiedades estimulantes de la microcirculaci\u00f3n cut\u00e1nea.<\/p><\/td>\n<\/tr>\n<tr class=\"row-10\">\n\t<td class=\"column-1\"><strong><span style=\"color: #008080\">Glycyrrhiza Glabra Enoxolona<\/span><\/strong><br \/>\n<em>Familia: Fab\u00e1ceas<em \/><\/td><td class=\"column-2\"><a href=\"http:\/\/asepta.com\/wp-content\/uploads\/2015\/08\/Enoxolone-RACINE-REGLISSE.jpg\"><img loading=\"lazy\" decoding=\"async\" src=\"http:\/\/asepta.com\/wp-content\/uploads\/2015\/08\/Enoxolone-RACINE-REGLISSE.jpg\" alt=\"Enoxolone-RACINE-REGLISSE\" width=\"150\" height=\"150\" class=\"alignnone size-full wp-image-1670\" srcset=\"https:\/\/www.asepta.com\/wp-content\/uploads\/2015\/08\/Enoxolone-RACINE-REGLISSE.jpg 150w, https:\/\/www.asepta.com\/wp-content\/uploads\/2015\/08\/Enoxolone-RACINE-REGLISSE-100x100.jpg 100w\" sizes=\"auto, (max-width: 150px) 100vw, 150px\" \/><\/a><\/td><td class=\"column-3\"><p style=\"text-align: justify\">El regaliz puebla la regi\u00f3n del Mediterr\u00e1neo. Su nombre cient\u00edfico Glycyrrhiza viene del griego glucus \u00abaz\u00facar\u00bb et rhiza \u00abra\u00edz\u00bb. Este herb\u00e1ceo tiene en sus ra\u00edces un potente activo: el \u00e1cido glicirr\u00edcico y su aglic\u00f3n (\u00e1cido glicirr\u00edcico=enoxolona) Estos activos inhiben la 5\u03b2 reductasa, una enzima responsable del metabolismo de la cortisona y de la aldosterona. Adem\u00e1s, la eliminaci\u00f3n de corticoides se ralentiza y su vida media se prolonga. El aumento induce una parada de la s\u00edntesis y de la liberaci\u00f3n de citoquinas implicadas en el proceso inflamatorio. Su actividad con cortisona le da unas propiedades antiinflamatorias, calmantes y relajantes. <\/p><\/td>\n<\/tr>\n<tr class=\"row-11\">\n\t<td class=\"column-1\"><strong><span style=\"color: #008080\">Glicerina<\/span><\/strong><\/td><td class=\"column-2\"><\/td><td class=\"column-3\"><p style=\"text-align: justify\">La glicerina vegetal se obtiene por saponificaci\u00f3n del aceite de coco o de colza. Tiene un excelente poder hidratante gracias a dos mecanismos. Tiene un efecto humectante adem\u00e1s de un poder higrosc\u00f3pico (sus funciones de alcohol son capaces de fijar las mol\u00e9culas de agua). La p\u00e9rdida en agua transepid\u00e9rmica disminuye, y la evaporizaci\u00f3n del agua se ralentiza. Tambi\u00e9n tiene la capacidad de aumentar la fluidez de la barrera lip\u00eddica para favorecer la fijaci\u00f3n del agua entre las bicapas. La glicerina act\u00faa como un sensor de agua. Es uno de los humectantes m\u00e1s antiguos que se utilizan. Flexibiliza y suaviza la piel gracias a sus propiedades hidratantes.<\/p><\/td>\n<\/tr>\n<tr class=\"row-12\">\n\t<td class=\"column-1\"><strong><span style=\"color: #008080\">Aceite de camelina<\/span><\/strong><br \/>\n<em>Camelina Sativa Seed Oil<br \/>\nFamilia: Brasic\u00e1ceas<em \/><\/td><td class=\"column-2\"><\/td><td class=\"column-3\"><p style=\"text-align: justify\">La camelina es una hierba originaria de las estepas asi\u00e1ticas. En el a\u00f1o 1500 a.C. ya se utilizaba para la alimentaci\u00f3n humana. Camelina viene del griego \u00abcamai\u00bb que significa en tierra y de \u00ablinon\u00bb peque\u00f1o lino. De hecho, la camelina crece entre los linos. Los frutos se recogen a finales de verano para extraer los granos que permiten la obtenci\u00f3n del aceite. Los granos contienen un 40% de aceite fuertemente polinsaturado (entre 40 y 60%). Con aceite de lino y de verdolaga, el aceite de camelina consigue el r\u00e9cord absoluto en \u00e1cido alfa-linol\u00e9nico (m\u00e1s de 30%). Por lo que es muy rico en omega 3. Este \u00e1cido graso pertenece a los \u00e1cidos grasos esenciales que el organismo no puede producir. Sus propiedades emolientes mejoran la flexibilidad y elasticidad de la piel.<\/p><\/td>\n<\/tr>\n<tr class=\"row-13\">\n\t<td class=\"column-1\"><strong><span style=\"color: #008080\">Aceite de camelia<\/span><\/strong><br \/>\n<em>Camelia Oleifera<br \/>\nFamilia: Te\u00e1cea<em \/><\/td><td class=\"column-2\"><a href=\"http:\/\/asepta.com\/wp-content\/uploads\/2015\/08\/Camelia-rose.jpg\"><img loading=\"lazy\" decoding=\"async\" src=\"http:\/\/asepta.com\/wp-content\/uploads\/2015\/08\/Camelia-rose.jpg\" alt=\"Camelia-rose\" width=\"150\" height=\"134\" class=\"alignnone size-full wp-image-1668\" \/><\/a><\/td><td class=\"column-3\"><p style=\"text-align: justify\">La Camelia es una te\u00e1ce que crece en las monta\u00f1as del sudeste de Asia. El aceite de camelia lo utilizan los japoneses desde hace m\u00e1s de 1000 a\u00f1os en la alimentaci\u00f3n como condimento, pero tambi\u00e9n para los cuidados de la piel, del cabello y del cuero cabelludo. Su fruto es una c\u00e1psula que contiene un grano oleaginoso que permite producir aceite de Camelia. Adem\u00e1s, contiene m\u00e1s del 70% de \u00e1cido oleico (omega 9) y es rico en vitamina E.<\/p><\/td>\n<\/tr>\n<tr class=\"row-14\">\n\t<td class=\"column-1\"><strong><span style=\"color: #008080\">Aceite de macadamia<\/span><\/strong><br \/>\n<em>Macadamia Ternifolia Seed Oil Familia: Prote\u00e1ceas<em \/><\/td><td class=\"column-2\"><a href=\"http:\/\/asepta.com\/wp-content\/uploads\/2015\/08\/MACADAMIA.jpg\"><img loading=\"lazy\" decoding=\"async\" src=\"http:\/\/asepta.com\/wp-content\/uploads\/2015\/08\/MACADAMIA.jpg\" alt=\"MACADAMIA\" width=\"150\" height=\"110\" class=\"alignnone size-full wp-image-1675\" \/><\/a><\/td><td class=\"column-3\"><p style=\"text-align: justify\">Se extrae de la nuez de macadamia, frutos que consumen los abor\u00edgenes australianos desde hace m\u00e1s de 500 a\u00f1os. El \u00e1rbol debe su nombre a John Macadam, un cient\u00edfico, fil\u00f3sofo y pol\u00edtico que vivi\u00f3 en Australia de 1827 a 1865. Este aceite contiene hasta un 28% de \u00e1cido palmitol\u00e9ico y un 80% de \u00e1cidos grasos monoinsaturados, lo que le da propiedades nutritivas, emolientes e hidratantes. En los masajes, el aceite de macadamia se conoce porque facilita la microcirculaci\u00f3n local y tonifica el sistema linf\u00e1tico. La composici\u00f3n de \u00e1cidos grasos del aceite de macadamia es muy similar a la del sebo humano, un elemento indispensable en el revestimiento de fibras capilares. Su fuerte porcentaje de \u00e1cidos grasos monoinsaturados y d\u00e9bil en polinsaturados, lo hace relativamente m\u00e1s estable para la oxidaci\u00f3n.<\/p><\/td>\n<\/tr>\n<tr class=\"row-15\">\n\t<td class=\"column-1\"><strong><span style=\"color: #008080\">Aceite de pepitas de uva<\/span><\/strong><br \/>\n<em>Vitis Vinifera Seed Oil<br \/>\nFamilia: Vit\u00e1ceas<em \/><\/td><td class=\"column-2\"><a href=\"http:\/\/asepta.com\/wp-content\/uploads\/2015\/08\/Raisins.jpg\"><img loading=\"lazy\" decoding=\"async\" src=\"http:\/\/asepta.com\/wp-content\/uploads\/2015\/08\/Raisins.jpg\" alt=\"Raisins\" width=\"150\" height=\"113\" class=\"alignnone size-full wp-image-1685\" \/><\/a><\/td><td class=\"column-3\"><p style=\"text-align: justify\">El aceite de pepitas de uva es originario de Asia menor. La uva contiene en cada grano entre 2 y 4 pepitas. Estas pepitas se muelen para obtener el aceite de pepita de uva. De 2 a 4 pepitas permiten producir entre 12 y 13% de aceite. Es rico en vitaminas, minerales, \u00e1cido linol\u00e9ico omega 6 (hasta un 70%) y otros \u00e1cidos grasos. Se beneficia de virtudes regenerantes y reestructurantes. En cosm\u00e9tica, el aceite de pepita de uva es muy apreciado por la presencia de polifenoles y de tocoferoles que son excelentes agentes antioxidantes.<\/p><\/td>\n<\/tr>\n<tr class=\"row-16\">\n\t<td class=\"column-1\"><strong><span style=\"color: #008080\">Imperata Cylindrica<\/span><\/strong> <em>Familia: Po\u00e1ceas<em \/><\/td><td class=\"column-2\"><a href=\"http:\/\/asepta.com\/wp-content\/uploads\/2015\/08\/IMPERATA.jpg\"><img loading=\"lazy\" decoding=\"async\" src=\"http:\/\/asepta.com\/wp-content\/uploads\/2015\/08\/IMPERATA.jpg\" alt=\"IMPERATA\" width=\"100\" height=\"150\" class=\"alignnone size-full wp-image-1673\" \/><\/a><\/td><td class=\"column-3\"><p style=\"text-align: justify\">Esta planta subtropical m\u00e1s conocida com\u00fanmente como \u00abhierba sangre japonesa\u00bb puebla las zonas arenosas y salinas del desierto australiano. Sus ra\u00edces naturales son ricas en potasio y en osmoprotector: el dementilsulfoniopropionato (DMSP), le permite sobrevivir en condiciones clim\u00e1ticas extremas de sequedad y salinidad excesiva. El potasio act\u00faa como una bomba que permite a la c\u00e9lula captar el agua y el DMSP coge el agua del coraz\u00f3n de la c\u00e9lula para mantenerla hidratada sean cuales sean las condiciones. Un verdadero regulador osm\u00f3tico, es reconocido por sus excepcionales propiedades hidratantes.<\/p><\/td>\n<\/tr>\n<tr class=\"row-17\">\n\t<td class=\"column-1\"><strong><span style=\"color: #008080\">Iparzine-4A\u00ae<\/span><\/strong><\/td><td class=\"column-2\"><\/td><td class=\"column-3\"><p style=\"text-align: justify\">El IPARZINE-4A\u00ae es un activo innovador y registrado que asocia tres elementos: el zinc, el \u00e1cido asp\u00e1rtico y el \u00e1cido palm\u00edtico. Este complejo favorece la regeneraci\u00f3n celular de los tejidos y lucha eficazmente contra los procesos inflamatorios, constituyendo una respuesta especializada en los problemas de envejecimiento cut\u00e1neo.<\/p><\/td>\n<\/tr>\n<tr class=\"row-18\">\n\t<td class=\"column-1\"><strong><span style=\"color: #008080\">Lipesters\u00ae C8SS 7030 &amp; Lipesters\u00ae USS 7030<\/span><\/strong><\/td><td class=\"column-2\"><\/td><td class=\"column-3\"><p style=\"text-align: justify\">Los LIPESTERS\u00ae C8SS 7030 y los LIPESTERS\u00ae USS 7030 presentan respectivamente propiedades bacterianas y fungicidas que se obtienen gracias a las acciones especializadas y reconocidas de las cadenas capr\u00edlicas y undecil\u00e9nicas. Su uso permite luchar eficazmente contra los desarrollos microbianos.<\/p><\/td>\n<\/tr>\n<tr class=\"row-19\">\n\t<td class=\"column-1\"><strong><span style=\"color: #008080\">Lipesters\u00ae PSS 4060<\/span><\/strong><\/td><td class=\"column-2\"><\/td><td class=\"column-3\"><p style=\"text-align: justify\">Los LIPESTERS\u00ae PSS 4060 se caracterizan por la presencia del \u00e1cido palm\u00edtico (\u00e1cido graso presente en los tejidos) y con una fuerte proporci\u00f3n de amino\u00e1cido hidroxilado: la L-serina, un hidratante amino\u00e1cido, es el precursor en la s\u00edntesis de ceramidas. Con su composici\u00f3n, los LIPESTERS\u00ae PSS 4060 contribuyen a la protecci\u00f3n y al equilibrio de la piel.<\/p><\/td>\n<\/tr>\n<tr class=\"row-20\">\n\t<td class=\"column-1\"><strong><span style=\"color: #008080\">Lipesters\u00ae<\/span><\/strong><\/td><td class=\"column-2\"><\/td><td class=\"column-3\"><p style=\"text-align: justify\">Asociaci\u00f3n exclusiva y registrada de amino\u00e1cidos de seda, de serina y de \u00e1cidos grasos, los LIPESTERS\u00ae permiten constituir un aporte ex\u00f3geno en amino\u00e1cidos liposolubles. Siguiendo su estructura, poseen propiedades reparadoras, hidratantes, antibacterianas y antif\u00fangicas que permiten restaurar el equilibrio de la piel.<br \/>\nCuatro LIPESTERS\u00ae, todos elaborados a partir de amino\u00e1cidos naturales de fibro\u00edna de seda (prote\u00edna de estructura, cuyo componente principal es la seda) que est\u00e1n disponibles y permiten llevar a cabo acciones especializadas en funci\u00f3n de los tratamientos que se investiguen.<\/p><\/td>\n<\/tr>\n<tr class=\"row-21\">\n\t<td class=\"column-1\"><strong><span style=\"color: #008080\">Peque\u00f1o Acebo<\/span><\/strong><br \/>\n<em>Ruscus aculeatus<br \/>\nFamilia: Lili\u00e1ceas<em \/><\/td><td class=\"column-2\"><a href=\"http:\/\/asepta.com\/wp-content\/uploads\/2015\/08\/houx.jpg\"><img loading=\"lazy\" decoding=\"async\" src=\"http:\/\/asepta.com\/wp-content\/uploads\/2015\/08\/houx.jpg\" alt=\"houx\" width=\"150\" height=\"107\" class=\"alignnone size-full wp-image-1672\" \/><\/a><\/td><td class=\"column-3\"><p style=\"text-align: justify\">A este arbusto le gustan los terrenos calizos y est\u00e1 muy extendido en los bosques y los setos de las regiones de Midi, el centro y el oeste de Francia. Se utiliza tradicionalmente en los tratamientos de piernas cansadas, ya que contiene sapon\u00f3sidos esteroideos que tienen una acci\u00f3n vasoconstrictora, antinflamatoria y antiedematosa.<\/p><\/td>\n<\/tr>\n<tr class=\"row-22\">\n\t<td class=\"column-1\"><strong><span style=\"color: #008080\">Thio-Lipesters\u00ae C8SMET 8515<\/span><\/strong><\/td><td class=\"column-2\"><\/td><td class=\"column-3\"><p style=\"text-align: justify\">Los THIO-LIPESTERS\u00ae C8SMET 8515 poseen una acci\u00f3n estimulante que favorece el crecimiento capilar, es especial, gracias a la introducci\u00f3n en su estructura de L-metionina, un amino\u00e1cido de azufre que contribuye a fortificar las u\u00f1as y a prevenir la p\u00e9rdida del cabello.<\/p><\/td>\n<\/tr>\n<tr class=\"row-23\">\n\t<td class=\"column-1\"><strong><span style=\"color: #008080\">Vi\u00f1a roja<\/span><\/strong><br \/>\n<em>Vitis Vinifera<br \/>\nFamilia: Vit\u00e1ceas<em \/><\/td><td class=\"column-2\"><a href=\"http:\/\/asepta.com\/wp-content\/uploads\/2014\/08\/Vigne-rouge.jpg\"><img loading=\"lazy\" decoding=\"async\" src=\"http:\/\/asepta.com\/wp-content\/uploads\/2014\/08\/Vigne-rouge.jpg\" alt=\"Vigne-rouge\" width=\"150\" height=\"100\" class=\"alignright size-full wp-image-1646\" srcset=\"https:\/\/www.asepta.com\/wp-content\/uploads\/2014\/08\/Vigne-rouge.jpg 150w, https:\/\/www.asepta.com\/wp-content\/uploads\/2014\/08\/Vigne-rouge-120x80.jpg 120w\" sizes=\"auto, (max-width: 150px) 100vw, 150px\" \/><\/a><\/td><td class=\"column-3\"><p style=\"text-align: justify\">La vi\u00f1a roja es un t\u00f3nico venoso. Las hojas recogidas, que contienen antocianinas, tienen una actividad vitam\u00ednica P que refuerza la resistencia de las venas. Se suele utilizar para aliviar las piernas cansadas. Debido a su tanino, se muestra astringente.<\/p><\/td>\n<\/tr>\n<\/tbody>\n<\/table>\n<!-- #tablepress-15 from cache -->\n","protected":false},"excerpt":{"rendered":"<p>En una mejora constante de la calidad, los Laboratorios ASEPTA desarrollan desde hace m\u00e1s de 15 a\u00f1os su propia gama de activos cosm\u00e9ticos aportando as\u00ed un conocimiento especializado y una respuesta adaptada a algunos problemas cut\u00e1neos. Estas innovaciones, creaciones \u00fanicas \u00abmade in Monaco\u00bb se conciben y desarrollan en el Principado en el marco de programas [&hellip;]<\/p>\n","protected":false},"author":1533,"featured_media":8252,"parent":10243,"menu_order":84,"comment_status":"closed","ping_status":"closed","template":"","meta":{"_acf_changed":false,"footnotes":""},"class_list":["post-10218","page","type-page","status-publish","has-post-thumbnail","hentry"],"acf":[],"yoast_head":"<!-- This site is optimized with the Yoast SEO plugin v27.5 - https:\/\/yoast.com\/product\/yoast-seo-wordpress\/ -->\n<title>LOS ACTIVOS - Laboratoires ASEPTA Monaco<\/title>\n<meta name=\"robots\" content=\"index, follow, max-snippet:-1, max-image-preview:large, max-video-preview:-1\" \/>\n<link rel=\"canonical\" href=\"https:\/\/www.asepta.com\/es\/el-laboratorio\/los-activos\/\" \/>\n<meta property=\"og:locale\" content=\"es_ES\" \/>\n<meta property=\"og:type\" content=\"article\" \/>\n<meta property=\"og:title\" content=\"LOS ACTIVOS - Laboratoires ASEPTA Monaco\" \/>\n<meta property=\"og:description\" content=\"En una mejora constante de la calidad, los Laboratorios ASEPTA desarrollan desde hace m\u00e1s de 15 a\u00f1os su propia gama de activos cosm\u00e9ticos aportando as\u00ed un conocimiento especializado y una respuesta adaptada a algunos problemas cut\u00e1neos. Estas innovaciones, creaciones \u00fanicas \u00abmade in Monaco\u00bb se conciben y desarrollan en el Principado en el marco de programas [&hellip;]\" \/>\n<meta property=\"og:url\" content=\"https:\/\/www.asepta.com\/es\/el-laboratorio\/los-activos\/\" \/>\n<meta property=\"og:site_name\" content=\"Laboratoires ASEPTA Monaco\" \/>\n<meta property=\"article:publisher\" content=\"https:\/\/www.facebook.com\/laboasepta\/\" \/>\n<meta property=\"article:modified_time\" content=\"2019-07-17T07:10:09+00:00\" \/>\n<meta property=\"og:image\" content=\"https:\/\/www.asepta.com\/wp-content\/uploads\/2019\/05\/natural-cosmetics-4004909_1920.jpg\" \/>\n\t<meta property=\"og:image:width\" content=\"1920\" \/>\n\t<meta property=\"og:image:height\" content=\"1239\" \/>\n\t<meta property=\"og:image:type\" content=\"image\/jpeg\" \/>\n<meta name=\"twitter:card\" content=\"summary_large_image\" \/>\n<meta name=\"twitter:site\" content=\"@laboasepta\" \/>\n<meta name=\"twitter:label1\" content=\"Tiempo de lectura\" \/>\n\t<meta name=\"twitter:data1\" content=\"1 minuto\" \/>\n<script type=\"application\/ld+json\" class=\"yoast-schema-graph\">{\"@context\":\"https:\\\/\\\/schema.org\",\"@graph\":[{\"@type\":\"WebPage\",\"@id\":\"https:\\\/\\\/www.asepta.com\\\/es\\\/el-laboratorio\\\/los-activos\\\/\",\"url\":\"https:\\\/\\\/www.asepta.com\\\/es\\\/el-laboratorio\\\/los-activos\\\/\",\"name\":\"LOS ACTIVOS - Laboratoires ASEPTA Monaco\",\"isPartOf\":{\"@id\":\"https:\\\/\\\/www.asepta.com\\\/es\\\/#website\"},\"primaryImageOfPage\":{\"@id\":\"https:\\\/\\\/www.asepta.com\\\/es\\\/el-laboratorio\\\/los-activos\\\/#primaryimage\"},\"image\":{\"@id\":\"https:\\\/\\\/www.asepta.com\\\/es\\\/el-laboratorio\\\/los-activos\\\/#primaryimage\"},\"thumbnailUrl\":\"https:\\\/\\\/www.asepta.com\\\/wp-content\\\/uploads\\\/2019\\\/05\\\/natural-cosmetics-4004909_1920.jpg\",\"datePublished\":\"2014-08-12T07:50:56+00:00\",\"dateModified\":\"2019-07-17T07:10:09+00:00\",\"breadcrumb\":{\"@id\":\"https:\\\/\\\/www.asepta.com\\\/es\\\/el-laboratorio\\\/los-activos\\\/#breadcrumb\"},\"inLanguage\":\"es\",\"potentialAction\":[{\"@type\":\"ReadAction\",\"target\":[\"https:\\\/\\\/www.asepta.com\\\/es\\\/el-laboratorio\\\/los-activos\\\/\"]}]},{\"@type\":\"ImageObject\",\"inLanguage\":\"es\",\"@id\":\"https:\\\/\\\/www.asepta.com\\\/es\\\/el-laboratorio\\\/los-activos\\\/#primaryimage\",\"url\":\"https:\\\/\\\/www.asepta.com\\\/wp-content\\\/uploads\\\/2019\\\/05\\\/natural-cosmetics-4004909_1920.jpg\",\"contentUrl\":\"https:\\\/\\\/www.asepta.com\\\/wp-content\\\/uploads\\\/2019\\\/05\\\/natural-cosmetics-4004909_1920.jpg\",\"width\":1920,\"height\":1239},{\"@type\":\"BreadcrumbList\",\"@id\":\"https:\\\/\\\/www.asepta.com\\\/es\\\/el-laboratorio\\\/los-activos\\\/#breadcrumb\",\"itemListElement\":[{\"@type\":\"ListItem\",\"position\":1,\"name\":\"Accueil\",\"item\":\"https:\\\/\\\/www.asepta.com\\\/es\\\/\"},{\"@type\":\"ListItem\",\"position\":2,\"name\":\"El Laboratorio\",\"item\":\"https:\\\/\\\/www.asepta.com\\\/es\\\/el-laboratorio\\\/\"},{\"@type\":\"ListItem\",\"position\":3,\"name\":\"LOS ACTIVOS\"}]},{\"@type\":\"WebSite\",\"@id\":\"https:\\\/\\\/www.asepta.com\\\/es\\\/#website\",\"url\":\"https:\\\/\\\/www.asepta.com\\\/es\\\/\",\"name\":\"Laboratoires ASEPTA Monaco\",\"description\":\"Sp\u00e9cialistes en Dermo-Cosm\u00e9tiques\",\"potentialAction\":[{\"@type\":\"SearchAction\",\"target\":{\"@type\":\"EntryPoint\",\"urlTemplate\":\"https:\\\/\\\/www.asepta.com\\\/es\\\/?s={search_term_string}\"},\"query-input\":{\"@type\":\"PropertyValueSpecification\",\"valueRequired\":true,\"valueName\":\"search_term_string\"}}],\"inLanguage\":\"es\"}]}<\/script>\n<!-- \/ Yoast SEO plugin. -->","yoast_head_json":{"title":"LOS ACTIVOS - Laboratoires ASEPTA Monaco","robots":{"index":"index","follow":"follow","max-snippet":"max-snippet:-1","max-image-preview":"max-image-preview:large","max-video-preview":"max-video-preview:-1"},"canonical":"https:\/\/www.asepta.com\/es\/el-laboratorio\/los-activos\/","og_locale":"es_ES","og_type":"article","og_title":"LOS ACTIVOS - Laboratoires ASEPTA Monaco","og_description":"En una mejora constante de la calidad, los Laboratorios ASEPTA desarrollan desde hace m\u00e1s de 15 a\u00f1os su propia gama de activos cosm\u00e9ticos aportando as\u00ed un conocimiento especializado y una respuesta adaptada a algunos problemas cut\u00e1neos. Estas innovaciones, creaciones \u00fanicas \u00abmade in Monaco\u00bb se conciben y desarrollan en el Principado en el marco de programas [&hellip;]","og_url":"https:\/\/www.asepta.com\/es\/el-laboratorio\/los-activos\/","og_site_name":"Laboratoires ASEPTA Monaco","article_publisher":"https:\/\/www.facebook.com\/laboasepta\/","article_modified_time":"2019-07-17T07:10:09+00:00","og_image":[{"width":1920,"height":1239,"url":"https:\/\/www.asepta.com\/wp-content\/uploads\/2019\/05\/natural-cosmetics-4004909_1920.jpg","type":"image\/jpeg"}],"twitter_card":"summary_large_image","twitter_site":"@laboasepta","twitter_misc":{"Tiempo de lectura":"1 minuto"},"schema":{"@context":"https:\/\/schema.org","@graph":[{"@type":"WebPage","@id":"https:\/\/www.asepta.com\/es\/el-laboratorio\/los-activos\/","url":"https:\/\/www.asepta.com\/es\/el-laboratorio\/los-activos\/","name":"LOS ACTIVOS - Laboratoires ASEPTA Monaco","isPartOf":{"@id":"https:\/\/www.asepta.com\/es\/#website"},"primaryImageOfPage":{"@id":"https:\/\/www.asepta.com\/es\/el-laboratorio\/los-activos\/#primaryimage"},"image":{"@id":"https:\/\/www.asepta.com\/es\/el-laboratorio\/los-activos\/#primaryimage"},"thumbnailUrl":"https:\/\/www.asepta.com\/wp-content\/uploads\/2019\/05\/natural-cosmetics-4004909_1920.jpg","datePublished":"2014-08-12T07:50:56+00:00","dateModified":"2019-07-17T07:10:09+00:00","breadcrumb":{"@id":"https:\/\/www.asepta.com\/es\/el-laboratorio\/los-activos\/#breadcrumb"},"inLanguage":"es","potentialAction":[{"@type":"ReadAction","target":["https:\/\/www.asepta.com\/es\/el-laboratorio\/los-activos\/"]}]},{"@type":"ImageObject","inLanguage":"es","@id":"https:\/\/www.asepta.com\/es\/el-laboratorio\/los-activos\/#primaryimage","url":"https:\/\/www.asepta.com\/wp-content\/uploads\/2019\/05\/natural-cosmetics-4004909_1920.jpg","contentUrl":"https:\/\/www.asepta.com\/wp-content\/uploads\/2019\/05\/natural-cosmetics-4004909_1920.jpg","width":1920,"height":1239},{"@type":"BreadcrumbList","@id":"https:\/\/www.asepta.com\/es\/el-laboratorio\/los-activos\/#breadcrumb","itemListElement":[{"@type":"ListItem","position":1,"name":"Accueil","item":"https:\/\/www.asepta.com\/es\/"},{"@type":"ListItem","position":2,"name":"El Laboratorio","item":"https:\/\/www.asepta.com\/es\/el-laboratorio\/"},{"@type":"ListItem","position":3,"name":"LOS ACTIVOS"}]},{"@type":"WebSite","@id":"https:\/\/www.asepta.com\/es\/#website","url":"https:\/\/www.asepta.com\/es\/","name":"Laboratoires ASEPTA Monaco","description":"Sp\u00e9cialistes en Dermo-Cosm\u00e9tiques","potentialAction":[{"@type":"SearchAction","target":{"@type":"EntryPoint","urlTemplate":"https:\/\/www.asepta.com\/es\/?s={search_term_string}"},"query-input":{"@type":"PropertyValueSpecification","valueRequired":true,"valueName":"search_term_string"}}],"inLanguage":"es"}]}},"_links":{"self":[{"href":"https:\/\/www.asepta.com\/es\/wp-json\/wp\/v2\/pages\/10218","targetHints":{"allow":["GET"]}}],"collection":[{"href":"https:\/\/www.asepta.com\/es\/wp-json\/wp\/v2\/pages"}],"about":[{"href":"https:\/\/www.asepta.com\/es\/wp-json\/wp\/v2\/types\/page"}],"author":[{"embeddable":true,"href":"https:\/\/www.asepta.com\/es\/wp-json\/wp\/v2\/users\/1533"}],"replies":[{"embeddable":true,"href":"https:\/\/www.asepta.com\/es\/wp-json\/wp\/v2\/comments?post=10218"}],"version-history":[{"count":3,"href":"https:\/\/www.asepta.com\/es\/wp-json\/wp\/v2\/pages\/10218\/revisions"}],"predecessor-version":[{"id":11166,"href":"https:\/\/www.asepta.com\/es\/wp-json\/wp\/v2\/pages\/10218\/revisions\/11166"}],"up":[{"embeddable":true,"href":"https:\/\/www.asepta.com\/es\/wp-json\/wp\/v2\/pages\/10243"}],"wp:featuredmedia":[{"embeddable":true,"href":"https:\/\/www.asepta.com\/es\/wp-json\/wp\/v2\/media\/8252"}],"wp:attachment":[{"href":"https:\/\/www.asepta.com\/es\/wp-json\/wp\/v2\/media?parent=10218"}],"curies":[{"name":"wp","href":"https:\/\/api.w.org\/{rel}","templated":true}]}}