{"id":10217,"date":"2014-08-12T08:50:56","date_gmt":"2014-08-12T07:50:56","guid":{"rendered":"http:\/\/asepta.com\/les-ingredients\/"},"modified":"2019-07-24T10:06:52","modified_gmt":"2019-07-24T09:06:52","slug":"os-ingredientes","status":"publish","type":"page","link":"https:\/\/www.asepta.com\/pt-pt\/o-laboratorio\/os-ingredientes\/","title":{"rendered":"Os Ingredientes"},"content":{"rendered":"<p style=\"text-align: justify;\">Sempre na busca constante de melhorar a qualidade, os Laborat\u00f3rios ASEPTA desenvolvem h\u00e1 mais de 15 anos a sua pr\u00f3pria gama de ativos cosm\u00e9ticos para dar uma resposta direcionada a certos problemas cut\u00e2neos. Estas inova\u00e7\u00f5es, cria\u00e7\u00f5es \u00fanicas \u201cmade in Monaco\u201d s\u00e3o concebidas e desenvolvidas no Principado no quadro dos programas de pesquisa patrocinados pela ag\u00eancia de valoriza\u00e7\u00e3o da pesquisa (Os\u00e9o-Anvar). Desta forma, os novos ativos s\u00e3o sistematicamente valorizados pelo arquivo de patentes internacionais que permitem aos Laborat\u00f3rios ASEPTA reivindicar e manter uma exclusividade para as suas diferentes gamas de tratamentos.<\/p>\n\n<table id=\"tablepress-17\" class=\"tablepress tablepress-id-17\">\n<thead>\n<tr class=\"row-1\">\n\t<td class=\"column-1\"><\/td><th class=\"column-2\">Ingredientes<\/th><td class=\"column-3\"><\/td>\n<\/tr>\n<\/thead>\n<tbody class=\"row-striping row-hover\">\n<tr class=\"row-2\">\n\t<td class=\"column-1\"><strong><span style=\"color: #008080\">Alanto\u00edna<\/span><\/strong><\/td><td class=\"column-2\"><\/td><td class=\"column-3\"><p style=\"text-align: justify\">A alanto\u00edna permite e regenera\u00e7\u00e3o celular da pele. Favorece a hidrata\u00e7\u00e3o da epiderme. \u00c9 utilizada em peles sens\u00edveis e irritadas pelas suas propriedades calmantes e suavizantes.<\/p><\/td>\n<\/tr>\n<tr class=\"row-3\">\n\t<td class=\"column-1\"><strong><span style=\"color: #008080\">Alo\u00e9 Vera<\/span><\/strong> <em>ou Alo\u00e9 barbadensis<br \/>\nFam\u00edlia: Liliaceae<em \/><\/td><td class=\"column-2\"><a href=\"http:\/\/asepta.com\/wp-content\/uploads\/2015\/08\/ALOE-VERA.jpg\"><img loading=\"lazy\" decoding=\"async\" src=\"http:\/\/asepta.com\/wp-content\/uploads\/2015\/08\/ALOE-VERA.jpg\" alt=\"ALOE-VERA\" width=\"150\" height=\"142\" class=\"alignnone size-full wp-image-1666\" \/><\/a><\/td><td class=\"column-3\"><p style=\"text-align: justify\">O Alo\u00e9 Vera conheceu a Gr\u00e9cia Antiga, de onde foi importado da ilha de Socotra, \u00e9 origin\u00e1rio de \u00c1frica. Foi introduzido no s\u00e9culo XVII nas Antilhas e \u00e9 atualmente cultivado nos EUA. Esta planta com m\u00faltiplas propriedades terap\u00eauticas, demonstrou e comprovou a sua efic\u00e1cia na pele ao longo dos s\u00e9culos. O Alo\u00e9 tem propriedades hidratantes, anti-inflamat\u00f3rias, regeneradoras e cicatrizantes. O suco de Alo\u00e9 flui das folhas suculentas da planta, enquanto o gel de Alo\u00e9 Vera \u00e9 extra\u00eddo a partir da zona central da folha. O Alo\u00e9 cont\u00e9m mais de 250 componentes, incluindo vitaminas, minerais, amino\u00e1cidos, enzimas, polissacar\u00eddeos. Desempenha um papel importante como cicatrizante na ind\u00fastria de cosm\u00e9ticos: Ivan Danhof, professor de Fisiologia na Universidade do Texas demonstrou que a aplica\u00e7\u00e3o do gel sobre a pele acelerava 6 a 8 vezes mais r\u00e1pido a produ\u00e7\u00e3o de fibroblastos tendo como base a taxa normal de reprodu\u00e7\u00e3o.<\/p><\/td>\n<\/tr>\n<tr class=\"row-4\">\n\t<td class=\"column-1\"><strong><span style=\"color: #008080\">ANP\u00ae 2+<\/span><\/strong><\/td><td class=\"column-2\"><\/td><td class=\"column-3\"><p style=\"text-align: justify\">O ANP\u00ae 2+ \u00e9 um complexo lip\u00eddico patenteado para promover o crescimento e a renova\u00e7\u00e3o de anexos da pele (unhas, pestanas, cabelo). Gra\u00e7as \u00e0 associa\u00e7\u00e3o de \u00f3leos vegetais selecionados pela sua especificidade, o ANP\u00ae 2+ caracteriza-se por uma composi\u00e7\u00e3o especial em \u00e1cidos gordos essenciais, em tocofer\u00f3is, em tocotrien\u00f3is e em fitoester\u00f3is permitindo favorecer a regenera\u00e7\u00e3o celular, a microcircula\u00e7\u00e3o e regular os mecanismos de defesa e de inflama\u00e7\u00e3o. A adi\u00e7\u00e3o de THIO-LIPESTERS\u00ae no complexo lip\u00eddico potencia o crescimento dos anexos da pele.<\/p><\/td>\n<\/tr>\n<tr class=\"row-5\">\n\t<td class=\"column-1\"><strong><span style=\"color: #008080\">Arnica Montana<\/span><\/strong><br \/>\n<em>Fam\u00edlia: Asteraceae<em \/><\/td><td class=\"column-2\"><a href=\"http:\/\/asepta.com\/wp-content\/uploads\/2015\/08\/ARNICA.jpg\"><img loading=\"lazy\" decoding=\"async\" src=\"http:\/\/asepta.com\/wp-content\/uploads\/2015\/08\/ARNICA.jpg\" alt=\"ARNICA\" width=\"150\" height=\"100\" class=\"alignnone size-full wp-image-1667\" srcset=\"https:\/\/www.asepta.com\/wp-content\/uploads\/2015\/08\/ARNICA.jpg 150w, https:\/\/www.asepta.com\/wp-content\/uploads\/2015\/08\/ARNICA-120x80.jpg 120w\" sizes=\"auto, (max-width: 150px) 100vw, 150px\" \/><\/a><\/td><td class=\"column-3\"><p style=\"text-align: justify\">A Arnica Montana geralmente chamada \u00abPanaceia-das-quedas\u00bb cresce nas montanhas europeias e norte americanas. Faz parte dos prados de altitude de Vosges des Alpes, Pirin\u00e9us e do Massivo Central (terreno s\u00edlico).<br \/>\nO extrato de flores de ARNICA MONTANA composto por lactona, helenalina e flavon\u00f3ides \u00e9 reconhecido pelas suas propriedades anti-edematosas, anti-inflamat\u00f3rias e calmantes. Na medicina herbal, \u00e9 utilizado localmente para tratar hematomas, incha\u00e7os e dores nas articula\u00e7\u00f5es.<\/p><\/td>\n<\/tr>\n<tr class=\"row-6\">\n\t<td class=\"column-1\"><strong><span style=\"color: #008080\">Manteiga de Karit\u00e9<\/span><\/strong><br \/>\n<em>Butyrospermum Parkii<br \/>\nFam\u00edlia: Sapotaceae<em \/><\/td><td class=\"column-2\"><a href=\"http:\/\/asepta.com\/wp-content\/uploads\/2015\/09\/Karit\u00e9-2.jpg\"><img loading=\"lazy\" decoding=\"async\" src=\"http:\/\/asepta.com\/wp-content\/uploads\/2015\/09\/Karit\u00e9-2.jpg\" alt=\"Karit\u00e9-2\" width=\"115\" height=\"150\" class=\"alignnone size-full wp-image-1724\" \/><\/a><\/td><td class=\"column-3\"><p style=\"text-align: justify\">A manteiga de karit\u00e9 prov\u00e9m dos frutos de karit\u00e9. \u00c9 composto por 16 \u00e1cidos gordos saturados e insaturados em propor\u00e7\u00f5es vari\u00e1veis, dependendo do pa\u00eds de origem. Este teor elevado em \u00e1cidos gordos n\u00e3o saponific\u00e1veis confere-lhe excelentes propriedades hidratantes e ajuda a manter a elasticidade da pele.<\/p><\/td>\n<\/tr>\n<tr class=\"row-7\">\n\t<td class=\"column-1\"><strong><span style=\"color: #008080\">Centella Asi\u00e1tica<\/span><\/strong><br \/>\n<em>Fam\u00edlia: Apiaceae<em \/><\/td><td class=\"column-2\"><a href=\"http:\/\/asepta.com\/wp-content\/uploads\/2015\/08\/centella-asiatica.jpg\"><img loading=\"lazy\" decoding=\"async\" src=\"http:\/\/asepta.com\/wp-content\/uploads\/2015\/08\/centella-asiatica.jpg\" alt=\"centella-asiatica\" width=\"150\" height=\"111\" class=\"alignnone size-full wp-image-1669\" \/><\/a><\/td><td class=\"column-3\"><p style=\"text-align: justify\">A Centella Asi\u00e1tica foi descrita no tratado m\u00e9dico chamado Charaka Sambita em cerca de 700 aC. Na medicina Ayurv\u00e9dica \u00e9 chamada de \u00aberva tigre\u00bb porque o animal enrolava-se em ervas para curar os seus ferimentos. Esta planta origin\u00e1ria da Sudeste Asi\u00e1tico tem propriedades veno-t\u00f3nicas e anti-edematosas. O extracto de Centella que cont\u00e9m asiaticoside, \u00e1cido asi\u00e1tico e madecassic tamb\u00e9m \u00e9 utilizado no tratamento de dermatoses para acelerar o fen\u00f3meno de cicatriza\u00e7\u00e3o em feridas superficiais. Estimula a produ\u00e7\u00e3o de colag\u00e9neo e fibroblastos promovendo assim o processo de cicatriza\u00e7\u00e3o.<\/p><\/td>\n<\/tr>\n<tr class=\"row-8\">\n\t<td class=\"column-1\"><strong><span style=\"color: #008080\">D- Pantenol<\/span><\/strong><\/td><td class=\"column-2\"><\/td><td class=\"column-3\"><p style=\"text-align: justify\">O D Pantenol, derivado do \u00e1lcool, contribui na repara\u00e7\u00e3o da barreira cut\u00e2nea e melhora a hidrata\u00e7\u00e3o.  Induz a s\u00edntese de um precursor de \u00e1cidos gordos e esfingol\u00edpidos essenciais para a constitui\u00e7\u00e3o l\u00edpida da pele. O D pantenol tem propriedades de cicatriza\u00e7\u00e3o estimulando o crescimento celular, reduzindo assim o tempo de cicatriza\u00e7\u00e3o de feridas.<\/p><\/td>\n<\/tr>\n<tr class=\"row-9\">\n\t<td class=\"column-1\"><strong><span style=\"color: #008080\">Ginkgo-Biloba<\/span><\/strong><br \/>\n<em>Fam\u00edlia: Ginkgoaceae<em \/><\/td><td class=\"column-2\"><a href=\"http:\/\/asepta.com\/wp-content\/uploads\/2015\/08\/Ginkgo-Biloba.jpg\"><img loading=\"lazy\" decoding=\"async\" src=\"http:\/\/asepta.com\/wp-content\/uploads\/2015\/08\/Ginkgo-Biloba.jpg\" alt=\"Ginkgo-Biloba\" width=\"150\" height=\"150\" class=\"alignnone size-full wp-image-1671\" srcset=\"https:\/\/www.asepta.com\/wp-content\/uploads\/2015\/08\/Ginkgo-Biloba.jpg 150w, https:\/\/www.asepta.com\/wp-content\/uploads\/2015\/08\/Ginkgo-Biloba-100x100.jpg 100w\" sizes=\"auto, (max-width: 150px) 100vw, 150px\" \/><\/a><\/td><td class=\"column-3\"><p style=\"text-align: justify\">A \u00c1rvore de Ginkgo-Biloba avenca \u00e9 conhecida pela sua longevidade remarc\u00e1vel: at\u00e9 4000 anos. Foi a \u00fanica \u00e1rvore sobrevivente a Hiroshima ap\u00f3s 1945. As folhas que cont\u00eam ginkgolides e flavon\u00f3ides s\u00e3o usadas em cosm\u00e9ticos pelas suas propriedades estimulantes da microcircula\u00e7\u00e3o da pele.<\/p><\/td>\n<\/tr>\n<tr class=\"row-10\">\n\t<td class=\"column-1\"><strong><span style=\"color: #008080\">Glicirriza Glabra Enoxolona<\/span><\/strong><br \/>\n<em>Fam\u00edlia: Fabaceae<em \/><\/td><td class=\"column-2\"><a href=\"http:\/\/asepta.com\/wp-content\/uploads\/2015\/08\/Enoxolone-RACINE-REGLISSE.jpg\"><img loading=\"lazy\" decoding=\"async\" src=\"http:\/\/asepta.com\/wp-content\/uploads\/2015\/08\/Enoxolone-RACINE-REGLISSE.jpg\" alt=\"Enoxolone-RACINE-REGLISSE\" width=\"150\" height=\"150\" class=\"alignnone size-full wp-image-1670\" srcset=\"https:\/\/www.asepta.com\/wp-content\/uploads\/2015\/08\/Enoxolone-RACINE-REGLISSE.jpg 150w, https:\/\/www.asepta.com\/wp-content\/uploads\/2015\/08\/Enoxolone-RACINE-REGLISSE-100x100.jpg 100w\" sizes=\"auto, (max-width: 150px) 100vw, 150px\" \/><\/a><\/td><td class=\"column-3\"><p style=\"text-align: justify\">O alca\u00e7uz povoa o redor do Mediterr\u00e2neo. O seu nome cient\u00edfico Glicirriza vem do grego glucus \u00aba\u00e7ucarado\u00bb e rhiza \u00abra\u00edz \u00bb. Esta herb\u00e1cea cont\u00e9m nas suas ra\u00edzes um trunfo poderoso: \u00e1cido glicirr\u00edzico e o seu aglicona (\u00e1cido glicirret\u00ednico = enoxolona). Estes ativos inibem a 5\u03b2 redutase, uma enzima respons\u00e1vel pelo metabolismo da cortisona e da aldosterona. Desta forma, a elimina\u00e7\u00e3o de corticoster\u00f3ides \u00e9 desacelerada e o seu tempo de semi-vida \u00e9 prolongado. O seu aumento induz uma paragem da s\u00edntese e da liberta\u00e7\u00e3o de citocinas envolvidas no processo inflamat\u00f3rio. A sua atividade de cortisona confere-lhe assim propriedades anti-inflamat\u00f3rias, calmantes e relaxantes.<\/p><\/td>\n<\/tr>\n<tr class=\"row-11\">\n\t<td class=\"column-1\"><strong><span style=\"color: #008080\">Glicerina<\/span><\/strong><\/td><td class=\"column-2\"><\/td><td class=\"column-3\"><p style=\"text-align: justify\">A glicerina vegetal \u00e9 obtida por saponifica\u00e7\u00e3o de \u00f3leo de coco ou de colza. Tem um excelente poder hidratante gra\u00e7as a dois mecanismos. Tem um efeito humectante, parte do seu poder higrosc\u00f3pico (as suas fun\u00e7\u00f5es de \u00e1lcool s\u00e3o capazes de fixar as mol\u00e9culas de \u00e1gua). A perda de \u00e1gua transepid\u00e9rmica \u00e9 assim reduzida a evapora\u00e7\u00e3o da \u00e1gua abranda. Tem tamb\u00e9m a capacidade de aumentar a fluidez da barreira lip\u00eddica favorecendo a fixa\u00e7\u00e3o de \u00e1gua entre as camadas duplas. A glicerina age como um captador de \u00e1gua. \u00c9 um dos humectantes mais antigos a serem utilizados. Suaviza e acalma a pele com as suas propriedades hidratantes.<\/p><\/td>\n<\/tr>\n<tr class=\"row-12\">\n\t<td class=\"column-1\"><strong><span style=\"color: #008080\">\u00d3leo de Camelina<\/span><\/strong><br \/>\n<em>\u00d3leo de Semente de Camelina Sativa<br \/>\nFam\u00edlia: Brassicaceae<em \/><\/td><td class=\"column-2\"><\/td><td class=\"column-3\"><p style=\"text-align: justify\">A camelina \u00e9 uma gram\u00ednea nativa das estepes asi\u00e1ticas. H\u00e1 1500 anos aC j\u00e1 era utilizada na dieta humana. Camelina vem do grego \u00abcamai\u00bb que significa terreno de  \u00abrelva\u00bb pequeno linho. A camelina cresce realmente entre o linho. Os frutos s\u00e3o recolhidos no fim do ver\u00e3o para se extrair as sementes que permitem obter o \u00f3leo. As sementes cont\u00eam 40% de \u00f3leo altamente polinsaturado (40 a 60%). Com o \u00f3leo de linha\u00e7a e beldroega, o \u00f3leo de camelina alcan\u00e7a o recorde absoluto em \u00e1cido alfa-linol\u00e9nico (mais de 30%). \u00c9 rica em \u00f3mega 3. Este \u00e1cido gordo pertence aos \u00e1cidos gordos essenciais que n\u00e3o podem ser fabricados pelo corpo. As suas propriedades emolientes melhoram a flexibilidade e elasticidade da pele.<\/p><\/td>\n<\/tr>\n<tr class=\"row-13\">\n\t<td class=\"column-1\"><strong><span style=\"color: #008080\">\u00d3leo de Cam\u00e9lia<\/span><\/strong><br \/>\n<em>Camelia Oleifera<br \/>\nFam\u00edlia: \u00c1rvore do Ch\u00e1<em \/><\/td><td class=\"column-2\"><a href=\"http:\/\/asepta.com\/wp-content\/uploads\/2015\/08\/Camelia-rose.jpg\"><img loading=\"lazy\" decoding=\"async\" src=\"http:\/\/asepta.com\/wp-content\/uploads\/2015\/08\/Camelia-rose.jpg\" alt=\"Camelia-rose\" width=\"150\" height=\"134\" class=\"alignnone size-full wp-image-1668\" \/><\/a><\/td><td class=\"column-3\"><p style=\"text-align: justify\">A Cam\u00e9lia \u00e9 uma \u00e1rvore de ch\u00e1 que cresce nas montanhas do sudoeste da \u00c1sia.  O \u00f3leo de cam\u00e9lia \u00e9 usado h\u00e1 mais de 1000 anos pelos Japoneses tanto na alimenta\u00e7\u00e3o como em temperos, mas tamb\u00e9m para cuidar da pele, do cabelo e couro cabeludo. O seu fruto \u00e9 uma c\u00e1psula que cont\u00e9m uma semente oleosa para a produ\u00e7\u00e3o do \u00f3leo da Cam\u00e9lia. Cont\u00e9m mais de 70% de \u00e1cido ol\u00e9ico (\u00f3mega 9) e \u00e9 rico em vitamina E. <\/p><\/td>\n<\/tr>\n<tr class=\"row-14\">\n\t<td class=\"column-1\"><strong><span style=\"color: #008080\">\u00d3leo de macad\u00e2mia <\/span><\/strong><br \/>\n<em>\u00d3leo de Semente de Macad\u00e2mia Ternifolia Fam\u00edlia: Proteaceae<em \/><\/td><td class=\"column-2\"><a href=\"http:\/\/asepta.com\/wp-content\/uploads\/2015\/08\/MACADAMIA.jpg\"><img loading=\"lazy\" decoding=\"async\" src=\"http:\/\/asepta.com\/wp-content\/uploads\/2015\/08\/MACADAMIA.jpg\" alt=\"MACADAMIA\" width=\"150\" height=\"110\" class=\"alignnone size-full wp-image-1675\" \/><\/a><\/td><td class=\"column-3\"><p style=\"text-align: justify\">\u00c9 extra\u00eddo da macad\u00e2mia, fruta consumida por Abor\u00edgenes Australianos h\u00e1 mais de 500 anos. A \u00e1rvore tem o nome de John Macadam, cientista, fil\u00f3sofo e pol\u00edtico que viveu na Austr\u00e1lia de 1827 a 1865. Este \u00f3leo cont\u00e9m at\u00e9 28% de \u00e1cido palmitol\u00e9ico e 80% de \u00e1cidos gordos mono-insaturados que lhe conferem propriedades nutritivas, emolientes e hidratantes. Na massagem, o \u00f3leo de macad\u00e2mia \u00e9 reputado por facilitar a micro-circula\u00e7\u00e3o local e tonificar o sistema linf\u00e1tico. A composi\u00e7\u00e3o de \u00e1cidos gordos do \u00f3leo de macad\u00e2mia \u00e9 muito pr\u00f3ximo do sebo humano, um elemento essencial para o revestimento das fibras do cabelo. A sua elevada percentagem de \u00e1cidos gordos monoinsaturados e fraca em poli-insaturados torna-o relativamente mais est\u00e1vel \u00e0 oxida\u00e7\u00e3o.<\/p><\/td>\n<\/tr>\n<tr class=\"row-15\">\n\t<td class=\"column-1\"><strong><span style=\"color: #008080\">\u00d3leo de Sementes de Uva <\/span><\/strong><br \/>\n<em>\u00d3leo de Semente de Vitis Vinifera<br \/>\nFam\u00edlia: Vitaceae<em \/><\/td><td class=\"column-2\"><a href=\"http:\/\/asepta.com\/wp-content\/uploads\/2015\/08\/Raisins.jpg\"><img loading=\"lazy\" decoding=\"async\" src=\"http:\/\/asepta.com\/wp-content\/uploads\/2015\/08\/Raisins.jpg\" alt=\"Raisins\" width=\"150\" height=\"113\" class=\"alignnone size-full wp-image-1685\" \/><\/a><\/td><td class=\"column-3\"><p style=\"text-align: justify\">O \u00f3leo de semente de uva \u00e9 origin\u00e1rio da \u00c1sia Menor. A semente cont\u00e9m ela pr\u00f3pria em cada um dos seus gr\u00e3os 2 a 4 sementes. Estas sementes s\u00e3o esmagadas para obter o \u00f3leo de semente de uva. 2 a 4 sementes permitem produzir 12% a 13% de \u00f3leo. \u00c9 rico em vitaminas, minerais, \u00e1cido linol\u00e9ico \u00f3mega-6 (at\u00e9 70%) e outros \u00e1cidos gordos. Beneficia de propriedade regenerantes e reestruturantes. Na cosm\u00e9tica, o \u00f3leo de semente de uva \u00e9 particularmente apreciado pela presen\u00e7a de polifen\u00f3is e tocofer\u00f3is que s\u00e3o excelentes agentes antioxidantes. <\/p><\/td>\n<\/tr>\n<tr class=\"row-16\">\n\t<td class=\"column-1\"><strong><span style=\"color: #008080\">Imperata Cylindrica<\/span><\/strong> <em>Fam\u00edlia: Poaceae<em \/><\/td><td class=\"column-2\"><a href=\"http:\/\/asepta.com\/wp-content\/uploads\/2015\/08\/IMPERATA.jpg\"><img loading=\"lazy\" decoding=\"async\" src=\"http:\/\/asepta.com\/wp-content\/uploads\/2015\/08\/IMPERATA.jpg\" alt=\"IMPERATA\" width=\"100\" height=\"150\" class=\"alignnone size-full wp-image-1673\" \/><\/a><\/td><td class=\"column-3\"><p style=\"text-align: justify\">Esta planta subtropical mais conhecida por \u00abcani\u00e7o-branco ou imperato\u00bb povoa as zonas arenosas e salinas do deserto australiano. As suas ra\u00edzes s\u00e3o ricas em pot\u00e1ssio e osmoprotetor: o dimetisulfoniopropionato (DMSP) que lhe permite sobreviver em condi\u00e7\u00f5es clim\u00e1ticas extremas de seca e salinidade excessiva. O pot\u00e1ssio age como uma bomba permitindo que a c\u00e9lula para absorva a \u00e1gua e o DMSP mant\u00e9m a \u00e1gua no cora\u00e7\u00e3o da c\u00e9lula para a manter hidratada independentemente das condi\u00e7\u00f5es. Um verdadeiro regulador osm\u00f3tico, \u00e9 reconhecido pelas suas propriedades hidratantes excepcionais.<\/p><\/td>\n<\/tr>\n<tr class=\"row-17\">\n\t<td class=\"column-1\"><strong><span style=\"color: #008080\">Iparzine-4A\u00ae<\/span><\/strong><\/td><td class=\"column-2\"><\/td><td class=\"column-3\"><p style=\"text-align: justify\">O IPARZINE-4A\u00ae \u00e9 um ativo invador patenteado que associa tr\u00eas elementos: o zinco, o \u00e1cido asp\u00e1rtico e o \u00e1cido palm\u00edtico. Este complexo favorece a regenera\u00e7\u00e3o do tecido celular e luta eficazmente contra os processos inflamat\u00f3rios, proporcionando assim uma resposta espec\u00edfica para os problemas de envelhecimento da pele.<\/p><\/td>\n<\/tr>\n<tr class=\"row-18\">\n\t<td class=\"column-1\"><strong><span style=\"color: #008080\">Lipesters\u00ae C8SS 7030 &amp; Lipesters\u00ae USS 7030<\/span><\/strong><\/td><td class=\"column-2\"><\/td><td class=\"column-3\"><p style=\"text-align: justify\">Os LIPESTERS\u00ae C8SS 7030 e LIPESTERS\u00ae USS 7030 lutam eficazmente contra os desenvolvimentos microbianos pois apresentam respetivamente propriedades bactericidas e fungicidas que s\u00e3o obtidas gra\u00e7as \u00e0s a\u00e7\u00f5es espec\u00edficas e reconhecidas das correntes capr\u00edlicas e undecil\u00eanicas. <\/p><\/td>\n<\/tr>\n<tr class=\"row-19\">\n\t<td class=\"column-1\"><strong><span style=\"color: #008080\">Lipesters\u00ae PSS 4060<\/span><\/strong><\/td><td class=\"column-2\"><\/td><td class=\"column-3\"><p style=\"text-align: justify\">Os LIPESTERS\u00ae PSS 4060 4060 contribuem para a prote\u00e7\u00e3o e equil\u00edbrio da pele. Caracterizam-se pela presen\u00e7a de \u00e1cido palm\u00edtico (\u00e1cido gordo naturalmente presente nos tecidos) e por uma elevada propor\u00e7\u00e3o de amino\u00e1cidos hidroxilados: a L-serina, amino\u00e1cido hidratante.<\/p><\/td>\n<\/tr>\n<tr class=\"row-20\">\n\t<td class=\"column-1\"><strong><span style=\"color: #008080\">Lipesters\u00ae<\/span><\/strong><\/td><td class=\"column-2\"><\/td><td class=\"column-3\"><p style=\"text-align: justify\">Association exclusive et brevet\u00e9e d\u2019acides amin\u00e9s de soie, de s\u00e9rine et d\u2019acides gras, les LIPESTERS\u00ae  poss\u00e8dent selon leur structure des propri\u00e9t\u00e9s r\u00e9paratrices, hydratantes, antibact\u00e9riennes et antifongiques.<br \/>\nQuatre LIPESTERS\u00ae, tous \u00e9labor\u00e9s \u00e0 partir \u00e0 d\u2019acides amin\u00e9s naturels de fibres de soie sont disponibles.<\/p><\/td>\n<\/tr>\n<tr class=\"row-21\">\n\t<td class=\"column-1\"><strong><span style=\"color: #008080\">Pequeno Azevinho<\/span><\/strong><br \/>\n<em>Ruscus aculeatus<br \/>\nFam\u00edlia: Liliaceae<em \/><\/td><td class=\"column-2\"><a href=\"http:\/\/asepta.com\/wp-content\/uploads\/2015\/08\/houx.jpg\"><img loading=\"lazy\" decoding=\"async\" src=\"http:\/\/asepta.com\/wp-content\/uploads\/2015\/08\/houx.jpg\" alt=\"houx\" width=\"150\" height=\"107\" class=\"alignnone size-full wp-image-1672\" \/><\/a><\/td><td class=\"column-3\"><p style=\"text-align: justify\">O ruscus aculeatus gosta de solos calc\u00e1rios e \u00e9 muito comum em bosques e sebes das regi\u00f5es do Sul, centro e Oeste da Fran\u00e7a. \u00c9 tradicionalmente utilizado em cuidados de pernas pesadas, j\u00e1 que cont\u00e9m saponinas esteroidais com um vasoconstritor, anti-inflamat\u00f3rios e anti-edematoso.<\/p><\/td>\n<\/tr>\n<tr class=\"row-22\">\n\t<td class=\"column-1\"><strong><span style=\"color: #008080\">Thio-Lipesters\u00ae C8SMET 8515<\/span><\/strong><\/td><td class=\"column-2\"><\/td><td class=\"column-3\"><p style=\"text-align: justify\">Os THIO-LIPESTERS\u00ae C8SMET 8515 possuem uma a\u00e7\u00e3o estimulante que favorece o crescimento capilar em particular gra\u00e7as \u00e0 introdu\u00e7\u00e3o na sua estrutura de L-metionina, um amino\u00e1cido de enxofre que contribui para o fortalecimento das unhas e evita a queda de cabelo.<\/p><\/td>\n<\/tr>\n<tr class=\"row-23\">\n\t<td class=\"column-1\"><strong><span style=\"color: #008080\">Videira Vermelha<\/span><\/strong><br \/>\n<em>Vitis Vinifera<br \/>\nFam\u00edlia: Vitaceae<em \/><\/td><td class=\"column-2\"><a href=\"http:\/\/asepta.com\/wp-content\/uploads\/2014\/08\/Vigne-rouge.jpg\"><img loading=\"lazy\" decoding=\"async\" src=\"http:\/\/asepta.com\/wp-content\/uploads\/2014\/08\/Vigne-rouge.jpg\" alt=\"Vigne-rouge\" width=\"150\" height=\"100\" class=\"alignright size-full wp-image-1646\" srcset=\"https:\/\/www.asepta.com\/wp-content\/uploads\/2014\/08\/Vigne-rouge.jpg 150w, https:\/\/www.asepta.com\/wp-content\/uploads\/2014\/08\/Vigne-rouge-120x80.jpg 120w\" sizes=\"auto, (max-width: 150px) 100vw, 150px\" \/><\/a><\/td><td class=\"column-3\"><p style=\"text-align: justify\">A videira vermelha \u00e9 um t\u00f3nico venoso. As folhas colhidas que cont\u00eam antocianinas t\u00eam uma atividade de vitamina P que refor\u00e7a a resist\u00eancia das veias. \u00c9 vulgarmente usada para aliviar as pernas cansadas. Pelo seu tanino mostra-se adstringente.<\/p><\/td>\n<\/tr>\n<\/tbody>\n<\/table>\n<!-- #tablepress-17 from cache -->\n","protected":false},"excerpt":{"rendered":"<p>Sempre na busca constante de melhorar a qualidade, os Laborat\u00f3rios ASEPTA desenvolvem h\u00e1 mais de 15 anos a sua pr\u00f3pria gama de ativos cosm\u00e9ticos para dar uma resposta direcionada a certos problemas cut\u00e2neos. Estas inova\u00e7\u00f5es, cria\u00e7\u00f5es \u00fanicas \u201cmade in Monaco\u201d s\u00e3o concebidas e desenvolvidas no Principado no quadro dos programas de pesquisa patrocinados pela ag\u00eancia [&hellip;]<\/p>\n","protected":false},"author":1533,"featured_media":8251,"parent":10242,"menu_order":85,"comment_status":"closed","ping_status":"closed","template":"","meta":{"_acf_changed":false,"footnotes":""},"class_list":["post-10217","page","type-page","status-publish","has-post-thumbnail","hentry"],"acf":[],"yoast_head":"<!-- This site is optimized with the Yoast SEO plugin v27.5 - https:\/\/yoast.com\/product\/yoast-seo-wordpress\/ -->\n<title>Os Ingredientes - Laboratoires ASEPTA Monaco<\/title>\n<meta name=\"robots\" content=\"index, follow, max-snippet:-1, max-image-preview:large, max-video-preview:-1\" \/>\n<link rel=\"canonical\" href=\"https:\/\/www.asepta.com\/pt-pt\/o-laboratorio\/os-ingredientes\/\" \/>\n<meta property=\"og:locale\" content=\"pt_PT\" \/>\n<meta property=\"og:type\" content=\"article\" \/>\n<meta property=\"og:title\" content=\"Os Ingredientes - Laboratoires ASEPTA Monaco\" \/>\n<meta property=\"og:description\" content=\"Sempre na busca constante de melhorar a qualidade, os Laborat\u00f3rios ASEPTA desenvolvem h\u00e1 mais de 15 anos a sua pr\u00f3pria gama de ativos cosm\u00e9ticos para dar uma resposta direcionada a certos problemas cut\u00e2neos. Estas inova\u00e7\u00f5es, cria\u00e7\u00f5es \u00fanicas \u201cmade in Monaco\u201d s\u00e3o concebidas e desenvolvidas no Principado no quadro dos programas de pesquisa patrocinados pela ag\u00eancia [&hellip;]\" \/>\n<meta property=\"og:url\" content=\"https:\/\/www.asepta.com\/pt-pt\/o-laboratorio\/os-ingredientes\/\" \/>\n<meta property=\"og:site_name\" content=\"Laboratoires ASEPTA Monaco\" \/>\n<meta property=\"article:publisher\" content=\"https:\/\/www.facebook.com\/laboasepta\/\" \/>\n<meta property=\"article:modified_time\" content=\"2019-07-24T09:06:52+00:00\" \/>\n<meta property=\"og:image\" content=\"https:\/\/www.asepta.com\/wp-content\/uploads\/2019\/05\/natural-cosmetics-4004909_1920.jpg\" \/>\n\t<meta property=\"og:image:width\" content=\"1920\" \/>\n\t<meta property=\"og:image:height\" content=\"1239\" \/>\n\t<meta property=\"og:image:type\" content=\"image\/jpeg\" \/>\n<meta name=\"twitter:card\" content=\"summary_large_image\" \/>\n<meta name=\"twitter:site\" content=\"@laboasepta\" \/>\n<meta name=\"twitter:label1\" content=\"Tempo estimado de leitura\" \/>\n\t<meta name=\"twitter:data1\" content=\"1 minuto\" \/>\n<script type=\"application\/ld+json\" class=\"yoast-schema-graph\">{\"@context\":\"https:\\\/\\\/schema.org\",\"@graph\":[{\"@type\":\"WebPage\",\"@id\":\"https:\\\/\\\/www.asepta.com\\\/pt-pt\\\/o-laboratorio\\\/os-ingredientes\\\/\",\"url\":\"https:\\\/\\\/www.asepta.com\\\/pt-pt\\\/o-laboratorio\\\/os-ingredientes\\\/\",\"name\":\"Os Ingredientes - Laboratoires ASEPTA Monaco\",\"isPartOf\":{\"@id\":\"https:\\\/\\\/www.asepta.com\\\/pt-pt\\\/#website\"},\"primaryImageOfPage\":{\"@id\":\"https:\\\/\\\/www.asepta.com\\\/pt-pt\\\/o-laboratorio\\\/os-ingredientes\\\/#primaryimage\"},\"image\":{\"@id\":\"https:\\\/\\\/www.asepta.com\\\/pt-pt\\\/o-laboratorio\\\/os-ingredientes\\\/#primaryimage\"},\"thumbnailUrl\":\"https:\\\/\\\/www.asepta.com\\\/wp-content\\\/uploads\\\/2019\\\/05\\\/natural-cosmetics-4004909_1920.jpg\",\"datePublished\":\"2014-08-12T07:50:56+00:00\",\"dateModified\":\"2019-07-24T09:06:52+00:00\",\"breadcrumb\":{\"@id\":\"https:\\\/\\\/www.asepta.com\\\/pt-pt\\\/o-laboratorio\\\/os-ingredientes\\\/#breadcrumb\"},\"inLanguage\":\"pt-PT\",\"potentialAction\":[{\"@type\":\"ReadAction\",\"target\":[\"https:\\\/\\\/www.asepta.com\\\/pt-pt\\\/o-laboratorio\\\/os-ingredientes\\\/\"]}]},{\"@type\":\"ImageObject\",\"inLanguage\":\"pt-PT\",\"@id\":\"https:\\\/\\\/www.asepta.com\\\/pt-pt\\\/o-laboratorio\\\/os-ingredientes\\\/#primaryimage\",\"url\":\"https:\\\/\\\/www.asepta.com\\\/wp-content\\\/uploads\\\/2019\\\/05\\\/natural-cosmetics-4004909_1920.jpg\",\"contentUrl\":\"https:\\\/\\\/www.asepta.com\\\/wp-content\\\/uploads\\\/2019\\\/05\\\/natural-cosmetics-4004909_1920.jpg\",\"width\":1920,\"height\":1239},{\"@type\":\"BreadcrumbList\",\"@id\":\"https:\\\/\\\/www.asepta.com\\\/pt-pt\\\/o-laboratorio\\\/os-ingredientes\\\/#breadcrumb\",\"itemListElement\":[{\"@type\":\"ListItem\",\"position\":1,\"name\":\"Accueil\",\"item\":\"https:\\\/\\\/www.asepta.com\\\/pt-pt\\\/\"},{\"@type\":\"ListItem\",\"position\":2,\"name\":\"O Laborat\u00f3rio\",\"item\":\"https:\\\/\\\/www.asepta.com\\\/pt-pt\\\/o-laboratorio\\\/\"},{\"@type\":\"ListItem\",\"position\":3,\"name\":\"Os Ingredientes\"}]},{\"@type\":\"WebSite\",\"@id\":\"https:\\\/\\\/www.asepta.com\\\/pt-pt\\\/#website\",\"url\":\"https:\\\/\\\/www.asepta.com\\\/pt-pt\\\/\",\"name\":\"Laboratoires ASEPTA Monaco\",\"description\":\"Sp\u00e9cialistes en Dermo-Cosm\u00e9tiques\",\"potentialAction\":[{\"@type\":\"SearchAction\",\"target\":{\"@type\":\"EntryPoint\",\"urlTemplate\":\"https:\\\/\\\/www.asepta.com\\\/pt-pt\\\/?s={search_term_string}\"},\"query-input\":{\"@type\":\"PropertyValueSpecification\",\"valueRequired\":true,\"valueName\":\"search_term_string\"}}],\"inLanguage\":\"pt-PT\"}]}<\/script>\n<!-- \/ Yoast SEO plugin. -->","yoast_head_json":{"title":"Os Ingredientes - Laboratoires ASEPTA Monaco","robots":{"index":"index","follow":"follow","max-snippet":"max-snippet:-1","max-image-preview":"max-image-preview:large","max-video-preview":"max-video-preview:-1"},"canonical":"https:\/\/www.asepta.com\/pt-pt\/o-laboratorio\/os-ingredientes\/","og_locale":"pt_PT","og_type":"article","og_title":"Os Ingredientes - Laboratoires ASEPTA Monaco","og_description":"Sempre na busca constante de melhorar a qualidade, os Laborat\u00f3rios ASEPTA desenvolvem h\u00e1 mais de 15 anos a sua pr\u00f3pria gama de ativos cosm\u00e9ticos para dar uma resposta direcionada a certos problemas cut\u00e2neos. Estas inova\u00e7\u00f5es, cria\u00e7\u00f5es \u00fanicas \u201cmade in Monaco\u201d s\u00e3o concebidas e desenvolvidas no Principado no quadro dos programas de pesquisa patrocinados pela ag\u00eancia [&hellip;]","og_url":"https:\/\/www.asepta.com\/pt-pt\/o-laboratorio\/os-ingredientes\/","og_site_name":"Laboratoires ASEPTA Monaco","article_publisher":"https:\/\/www.facebook.com\/laboasepta\/","article_modified_time":"2019-07-24T09:06:52+00:00","og_image":[{"width":1920,"height":1239,"url":"https:\/\/www.asepta.com\/wp-content\/uploads\/2019\/05\/natural-cosmetics-4004909_1920.jpg","type":"image\/jpeg"}],"twitter_card":"summary_large_image","twitter_site":"@laboasepta","twitter_misc":{"Tempo estimado de leitura":"1 minuto"},"schema":{"@context":"https:\/\/schema.org","@graph":[{"@type":"WebPage","@id":"https:\/\/www.asepta.com\/pt-pt\/o-laboratorio\/os-ingredientes\/","url":"https:\/\/www.asepta.com\/pt-pt\/o-laboratorio\/os-ingredientes\/","name":"Os Ingredientes - Laboratoires ASEPTA Monaco","isPartOf":{"@id":"https:\/\/www.asepta.com\/pt-pt\/#website"},"primaryImageOfPage":{"@id":"https:\/\/www.asepta.com\/pt-pt\/o-laboratorio\/os-ingredientes\/#primaryimage"},"image":{"@id":"https:\/\/www.asepta.com\/pt-pt\/o-laboratorio\/os-ingredientes\/#primaryimage"},"thumbnailUrl":"https:\/\/www.asepta.com\/wp-content\/uploads\/2019\/05\/natural-cosmetics-4004909_1920.jpg","datePublished":"2014-08-12T07:50:56+00:00","dateModified":"2019-07-24T09:06:52+00:00","breadcrumb":{"@id":"https:\/\/www.asepta.com\/pt-pt\/o-laboratorio\/os-ingredientes\/#breadcrumb"},"inLanguage":"pt-PT","potentialAction":[{"@type":"ReadAction","target":["https:\/\/www.asepta.com\/pt-pt\/o-laboratorio\/os-ingredientes\/"]}]},{"@type":"ImageObject","inLanguage":"pt-PT","@id":"https:\/\/www.asepta.com\/pt-pt\/o-laboratorio\/os-ingredientes\/#primaryimage","url":"https:\/\/www.asepta.com\/wp-content\/uploads\/2019\/05\/natural-cosmetics-4004909_1920.jpg","contentUrl":"https:\/\/www.asepta.com\/wp-content\/uploads\/2019\/05\/natural-cosmetics-4004909_1920.jpg","width":1920,"height":1239},{"@type":"BreadcrumbList","@id":"https:\/\/www.asepta.com\/pt-pt\/o-laboratorio\/os-ingredientes\/#breadcrumb","itemListElement":[{"@type":"ListItem","position":1,"name":"Accueil","item":"https:\/\/www.asepta.com\/pt-pt\/"},{"@type":"ListItem","position":2,"name":"O Laborat\u00f3rio","item":"https:\/\/www.asepta.com\/pt-pt\/o-laboratorio\/"},{"@type":"ListItem","position":3,"name":"Os Ingredientes"}]},{"@type":"WebSite","@id":"https:\/\/www.asepta.com\/pt-pt\/#website","url":"https:\/\/www.asepta.com\/pt-pt\/","name":"Laboratoires ASEPTA Monaco","description":"Sp\u00e9cialistes en Dermo-Cosm\u00e9tiques","potentialAction":[{"@type":"SearchAction","target":{"@type":"EntryPoint","urlTemplate":"https:\/\/www.asepta.com\/pt-pt\/?s={search_term_string}"},"query-input":{"@type":"PropertyValueSpecification","valueRequired":true,"valueName":"search_term_string"}}],"inLanguage":"pt-PT"}]}},"_links":{"self":[{"href":"https:\/\/www.asepta.com\/pt-pt\/wp-json\/wp\/v2\/pages\/10217","targetHints":{"allow":["GET"]}}],"collection":[{"href":"https:\/\/www.asepta.com\/pt-pt\/wp-json\/wp\/v2\/pages"}],"about":[{"href":"https:\/\/www.asepta.com\/pt-pt\/wp-json\/wp\/v2\/types\/page"}],"author":[{"embeddable":true,"href":"https:\/\/www.asepta.com\/pt-pt\/wp-json\/wp\/v2\/users\/1533"}],"replies":[{"embeddable":true,"href":"https:\/\/www.asepta.com\/pt-pt\/wp-json\/wp\/v2\/comments?post=10217"}],"version-history":[{"count":2,"href":"https:\/\/www.asepta.com\/pt-pt\/wp-json\/wp\/v2\/pages\/10217\/revisions"}],"predecessor-version":[{"id":11591,"href":"https:\/\/www.asepta.com\/pt-pt\/wp-json\/wp\/v2\/pages\/10217\/revisions\/11591"}],"up":[{"embeddable":true,"href":"https:\/\/www.asepta.com\/pt-pt\/wp-json\/wp\/v2\/pages\/10242"}],"wp:featuredmedia":[{"embeddable":true,"href":"https:\/\/www.asepta.com\/pt-pt\/wp-json\/wp\/v2\/media\/8251"}],"wp:attachment":[{"href":"https:\/\/www.asepta.com\/pt-pt\/wp-json\/wp\/v2\/media?parent=10217"}],"curies":[{"name":"wp","href":"https:\/\/api.w.org\/{rel}","templated":true}]}}